{"id":8024,"date":"2019-10-08T15:39:31","date_gmt":"2019-10-08T15:39:31","guid":{"rendered":"https:\/\/encostadosobreiro.com\/casa-da-lareira\/"},"modified":"2025-01-28T15:08:31","modified_gmt":"2025-01-28T15:08:31","slug":"casa-da-lareira","status":"publish","type":"page","link":"https:\/\/encostadosobreiro.com\/en\/casa-da-lareira\/","title":{"rendered":"Casa da Lareira"},"content":{"rendered":"<p>[et_pb_section fb_built=&#8221;1&#8243; _builder_version=&#8221;4.16&#8243; background_image=&#8221;https:\/\/encostadosobreiro.com\/wp-content\/uploads\/2020\/06\/DSCF9036.jpg&#8221; min_height=&#8221;458px&#8221; height=&#8221;493px&#8221; max_height=&#8221;501px&#8221; custom_margin=&#8221;||||false|false&#8221; custom_margin_tablet=&#8221;||||false|false&#8221; custom_margin_phone=&#8221;||||false|false&#8221; custom_margin_last_edited=&#8221;on|desktop&#8221; custom_padding=&#8221;||||false|false&#8221; global_colors_info=&#8221;{}&#8221;][et_pb_row _builder_version=&#8221;4.16&#8243; module_alignment=&#8221;center&#8221; custom_margin=&#8221;||||false|false&#8221; custom_padding=&#8221;||||false|false&#8221; global_colors_info=&#8221;{}&#8221;][et_pb_column type=&#8221;4_4&#8243; _builder_version=&#8221;4.16&#8243; background_enable_image=&#8221;off&#8221; custom_padding=&#8221;||||true|false&#8221; global_colors_info=&#8221;{}&#8221;][et_pb_divider show_divider=&#8221;off&#8221; _builder_version=&#8221;4.16&#8243; min_height=&#8221;100px&#8221; global_colors_info=&#8221;{}&#8221;][\/et_pb_divider][\/et_pb_column][\/et_pb_row][\/et_pb_section][et_pb_section fb_built=&#8221;1&#8243; admin_label=&#8221;section&#8221; _builder_version=&#8221;4.16&#8243; background_color=&#8221;#F1F2F2&#8243; custom_margin=&#8221;||||true|false&#8221; custom_padding=&#8221;10px||10px||true|false&#8221; global_colors_info=&#8221;{}&#8221;][et_pb_row admin_label=&#8221;row&#8221; _builder_version=&#8221;4.16&#8243; background_size=&#8221;initial&#8221; background_position=&#8221;top_left&#8221; background_repeat=&#8221;repeat&#8221; custom_margin=&#8221;||||true|false&#8221; custom_padding=&#8221;||||false|false&#8221; global_colors_info=&#8221;{}&#8221;][et_pb_column type=&#8221;4_4&#8243; _builder_version=&#8221;4.16&#8243; custom_padding=&#8221;|||&#8221; global_colors_info=&#8221;{}&#8221; custom_padding__hover=&#8221;|||&#8221;][et_pb_text _builder_version=&#8221;4.16&#8243; header_font=&#8221;|600||on|||||&#8221; header_text_align=&#8221;left&#8221; header_text_color=&#8221;#5b2525&#8243; header_font_size=&#8221;25px&#8221; header_font_size_tablet=&#8221;25px&#8221; header_font_size_phone=&#8221;20px&#8221; header_font_size_last_edited=&#8221;on|desktop&#8221; global_colors_info=&#8221;{}&#8221;]<\/p>\n<h1><strong>Casa da Lareira<\/strong><\/h1>\n<p>[\/et_pb_text][\/et_pb_column][\/et_pb_row][\/et_pb_section][et_pb_section fb_built=&#8221;1&#8243; _builder_version=&#8221;4.16&#8243; custom_padding=&#8221;0px||0px|||&#8221; global_colors_info=&#8221;{}&#8221;][et_pb_row use_custom_gutter=&#8221;on&#8221; gutter_width=&#8221;1&#8243; _builder_version=&#8221;4.16&#8243; background_enable_color=&#8221;off&#8221; width=&#8221;100%&#8221; global_colors_info=&#8221;{}&#8221;][et_pb_column type=&#8221;4_4&#8243; _builder_version=&#8221;4.16&#8243; global_colors_info=&#8221;{}&#8221;][et_pb_gallery gallery_ids=&#8221;4769,8042,5465,8038,5469,4772&#8243; posts_number=&#8221;6&#8243; db_images_per_row=&#8221;3&#8243; db_image_max_width=&#8221;90%&#8221; db_image_row_spacing=&#8221;2%&#8221; dbdb_version=&#8221;4.3.2&#8243; show_title_and_caption=&#8221;off&#8221; show_pagination=&#8221;off&#8221; zoom_icon_color=&#8221;#5b2525&#8243; hover_overlay_color=&#8221;rgba(255,255,255,0.49)&#8221; hover_icon=&#8221;&#x30;||divi||400&#8243; _builder_version=&#8221;4.16&#8243; custom_margin=&#8221;14px||||false|false&#8221; custom_padding=&#8221;||||false|false&#8221; locked=&#8221;off&#8221; global_colors_info=&#8221;{}&#8221;][\/et_pb_gallery][\/et_pb_column][\/et_pb_row][\/et_pb_section][et_pb_section fb_built=&#8221;1&#8243; _builder_version=&#8221;4.16&#8243; custom_padding=&#8221;0px||0px|||&#8221; global_colors_info=&#8221;{}&#8221;][et_pb_row column_structure=&#8221;1_2,1_2&#8243; make_equal=&#8221;on&#8221; _builder_version=&#8221;4.16&#8243; global_colors_info=&#8221;{}&#8221;][et_pb_column type=&#8221;1_2&#8243; module_class=&#8221;ds-vertical-align&#8221; _builder_version=&#8221;4.16&#8243; global_colors_info=&#8221;{}&#8221;][et_pb_text _builder_version=&#8221;4.16&#8243; text_orientation=&#8221;justified&#8221; global_colors_info=&#8221;{}&#8221;]<\/p>\n<p><strong>Casa da Lareira<\/strong>\u00a0<strong>stands out by the refinement and elegance of its architecture<\/strong>\u00a0and is composed of:<\/p>\n<p><strong>\u2013 2<\/strong>\u00a0bedrooms, one with an ensuite bathroom, plus another bedroom with a regular bathroom (with shower). Both bedrooms have hairdryer, TV and wardrobes. Possibility to add a baby cot or travel bed, upon request.<\/p>\n<p><strong>\u2013 1<\/strong>\u00a0fully furnished and equipped kitchen with counter seating , appliances and kitchen utensils (ceramic hob, oven, combined fridge, dishwasher, microwave, blender, juicer, Nespresso coffee machine, electric kettle and toaster).<\/p>\n<p><strong>\u2013 1<\/strong>\u00a0living room with a wood stove, dining table and chairs, sofa, another maple and television.<\/p>\n<p>\u2013\u00a0<strong>Central heating, air conditioning, internet wireless and cable TV.<\/strong><\/p>\n<p>The whole house is full of incredible natural light and wide green views over valleys and mountains, which surround the property.<\/p>\n<p>[\/et_pb_text][\/et_pb_column][et_pb_column type=&#8221;1_2&#8243; module_class=&#8221;ds-vertical-align&#8221; _builder_version=&#8221;4.16&#8243; global_colors_info=&#8221;{}&#8221;][et_pb_image src=&#8221;https:\/\/encostadosobreiro.com\/wp-content\/uploads\/2020\/06\/DSCF7999-1-scaled.jpg&#8221; title_text=&#8221;DSCF7999&#8243; _builder_version=&#8221;4.16&#8243; global_colors_info=&#8221;{}&#8221;][\/et_pb_image][\/et_pb_column][\/et_pb_row][\/et_pb_section][et_pb_section fb_built=&#8221;1&#8243; _builder_version=&#8221;4.16&#8243; _module_preset=&#8221;default&#8221; custom_margin=&#8221;0px||0px||true|false&#8221; custom_padding=&#8221;0px||0px||true|false&#8221; global_colors_info=&#8221;{}&#8221;][et_pb_row _builder_version=&#8221;4.16&#8243; _module_preset=&#8221;default&#8221; use_background_color_gradient=&#8221;on&#8221; background_color_gradient_stops=&#8221;rgba(255,255,255,0.53) 0%|rgba(255,255,255,0.53) 100%&#8221; background_color_gradient_overlays_image=&#8221;on&#8221; background_color_gradient_start=&#8221;rgba(255,255,255,0.53)&#8221; background_color_gradient_end=&#8221;rgba(255,255,255,0.53)&#8221; background_enable_image=&#8221;off&#8221; width=&#8221;100%&#8221; custom_margin=&#8221;||||true&#8221; custom_padding=&#8221;||||true|false&#8221; global_colors_info=&#8221;{}&#8221;][et_pb_column type=&#8221;4_4&#8243; _builder_version=&#8221;4.16&#8243; _module_preset=&#8221;default&#8221; global_colors_info=&#8221;{}&#8221;][et_pb_button button_url=&#8221;https:\/\/encosta-do-sobreiro.amenitiz.io\/en\/booking\/room&#8221; url_new_window=&#8221;on&#8221; button_text=&#8221;Book Online&#8221; button_alignment=&#8221;center&#8221; _builder_version=&#8221;4.22.2&#8243; custom_button=&#8221;on&#8221; button_text_color=&#8221;#ffffff&#8221; button_bg_color=&#8221;#5b2525&#8243; button_border_radius=&#8221;10px&#8221; button_letter_spacing=&#8221;1px&#8221; hover_enabled=&#8221;0&#8243; global_colors_info=&#8221;{}&#8221; sticky_enabled=&#8221;0&#8243;][\/et_pb_button][\/et_pb_column][\/et_pb_row][\/et_pb_section][et_pb_section fb_built=&#8221;1&#8243; _builder_version=&#8221;4.16&#8243; custom_padding=&#8221;0px|||||&#8221; global_colors_info=&#8221;{}&#8221;][et_pb_row column_structure=&#8221;1_2,1_2&#8243; make_equal=&#8221;on&#8221; _builder_version=&#8221;4.16&#8243; global_colors_info=&#8221;{}&#8221;][et_pb_column type=&#8221;1_2&#8243; module_class=&#8221;ds-vertical-align&#8221; _builder_version=&#8221;4.16&#8243; global_colors_info=&#8221;{}&#8221;][et_pb_image src=&#8221;https:\/\/encostadosobreiro.com\/wp-content\/uploads\/2020\/06\/DSCF8038-scaled.jpg&#8221; title_text=&#8221;DSCF8038&#8243; _builder_version=&#8221;4.16&#8243; global_colors_info=&#8221;{}&#8221;][\/et_pb_image][\/et_pb_column][et_pb_column type=&#8221;1_2&#8243; module_class=&#8221;ds-vertical-align&#8221; _builder_version=&#8221;4.16&#8243; global_colors_info=&#8221;{}&#8221;][et_pb_text _builder_version=&#8221;4.16&#8243; text_orientation=&#8221;justified&#8221; global_colors_info=&#8221;{}&#8221;]<\/p>\n<p>On the exterior,\u00a0<strong>Casa\u00a0da Lareira<\/strong>\u00a0has<strong>\u00a0t<\/strong><strong>wo\u00a0exclusive\u00a0areas:<\/strong><\/p>\n<p><strong>\u2013\u00a0<\/strong>An\u00a0<strong>outdoor covered area with a wooden deck<\/strong>, barbecue, a table for the ideal meal and a stone open air fireplace, should you wish to unwind in a comforting environment with the flames on your side, at night time.<\/p>\n<p>\u2013 A cosy lawn garden area with a\u00a0<strong>small exclusive pool<\/strong>,\u00a0<strong>designed essentially by the beauty it displays<\/strong>, which is a place of true delight for those who are there. Bathing, enjoying the sun on the stone stairs or even under the perfect shade, created by the surrounding trees, relishing and appreciating the wonderful sunset behind the mountains.<\/p>\n<p>In addition to these attractions that enhance the sensorial exploration, there is a set of recreational and leisure activities at your disposal throughout the property.<\/p>\n<p>[\/et_pb_text][et_pb_text _builder_version=&#8221;4.16&#8243; text_font=&#8221;||||||||&#8221; custom_padding=&#8221;10px|10px|10px|10px|true|true&#8221; border_radii=&#8221;on|10px|10px|10px|10px&#8221; border_width_all=&#8221;2px&#8221; border_color_all=&#8221;#5b2525&#8243; global_colors_info=&#8221;{}&#8221;]<strong><u>Maximum capacity<\/u><\/strong>:<strong>\u00a04<\/strong>\u00a0Pax +\u00a0<strong>1<\/strong> (Sofa Bed)[\/et_pb_text][et_pb_text _builder_version=&#8221;4.16&#8243; text_font=&#8221;||||||||&#8221; custom_padding=&#8221;10px|10px|10px|10px|true|true&#8221; border_radii=&#8221;on|10px|10px|10px|10px&#8221; border_width_all=&#8221;2px&#8221; border_color_all=&#8221;#5b2525&#8243; global_colors_info=&#8221;{}&#8221;]<\/p>\n<p><strong>Breakfast included\u00a0<\/strong>with fresh bread, variety of regional products and others.<\/p>\n<p>[\/et_pb_text][et_pb_text disabled_on=&#8221;on|on|on&#8221; _builder_version=&#8221;4.16&#8243; text_font=&#8221;||||||||&#8221; custom_padding=&#8221;10px|10px|10px|10px|true|true&#8221; border_radii=&#8221;on|10px|10px|10px|10px&#8221; border_width_all=&#8221;2px&#8221; border_color_all=&#8221;#5b2525&#8243; disabled=&#8221;on&#8221; global_colors_info=&#8221;{}&#8221;]<strong>Pre\u00e7o:<\/strong> 295\u20ac \/ 280\u20ac \/ 265\u20ac noite, se 6, 5 ou 4 pessoas[\/et_pb_text][\/et_pb_column][\/et_pb_row][et_pb_row _builder_version=&#8221;4.16&#8243; custom_padding=&#8221;0px|||||&#8221; saved_tabs=&#8221;all&#8221; global_colors_info=&#8221;{}&#8221;][et_pb_column type=&#8221;4_4&#8243; _builder_version=&#8221;4.16&#8243; global_colors_info=&#8221;{}&#8221;][et_pb_button button_url=&#8221;https:\/\/encosta-do-sobreiro.amenitiz.io\/en\/booking\/room&#8221; url_new_window=&#8221;on&#8221; button_text=&#8221;Book Now&#8221; button_alignment=&#8221;center&#8221; _builder_version=&#8221;4.22.2&#8243; custom_button=&#8221;on&#8221; button_text_color=&#8221;#ffffff&#8221; button_bg_color=&#8221;#5b2525&#8243; button_border_radius=&#8221;10px&#8221; hover_enabled=&#8221;0&#8243; global_colors_info=&#8221;{}&#8221; sticky_enabled=&#8221;0&#8243;][\/et_pb_button][\/et_pb_column][\/et_pb_row][\/et_pb_section]<\/p>\n","protected":false},"excerpt":{"rendered":"<p>Casa da LareiraCasa da Lareira\u00a0stands out by the refinement and elegance of its architecture\u00a0and is composed of: \u2013 2\u00a0bedrooms, one with an ensuite bathroom, plus another bedroom with a regular bathroom (with shower). Both bedrooms have hairdryer, TV and wardrobes. Possibility to add a baby cot or travel bed, upon request. \u2013 1\u00a0fully furnished and [&hellip;]<\/p>\n","protected":false},"author":1,"featured_media":0,"parent":0,"menu_order":0,"comment_status":"closed","ping_status":"closed","template":"","meta":{"_et_pb_use_builder":"on","_et_pb_old_content":"","_et_gb_content_width":"","inline_featured_image":false,"_glsr_average":0,"_glsr_ranking":0,"_glsr_reviews":0,"footnotes":""},"class_list":["post-8024","page","type-page","status-publish","hentry"],"yoast_head":"<!-- This site is optimized with the Yoast SEO plugin v21.4 - https:\/\/yoast.com\/wordpress\/plugins\/seo\/ -->\n<title>Casa da Lareira - Conforto e \u00e1reas generosas | Encosta do Sobreiro<\/title>\n<meta name=\"description\" content=\"A Casa da Lareira \u00e9 uma op\u00e7\u00e3o de alojamento at\u00e9 6 pessoas; as suas \u00e1reas generosas e a lareira tornam-na num deleite para quem a visita.\" \/>\n<meta name=\"robots\" content=\"index, follow, max-snippet:-1, max-image-preview:large, max-video-preview:-1\" \/>\n<link rel=\"canonical\" href=\"https:\/\/encostadosobreiro.com\/en\/casa-da-lareira\/\" \/>\n<meta property=\"og:locale\" content=\"en_US\" \/>\n<meta property=\"og:type\" content=\"article\" \/>\n<meta property=\"og:title\" content=\"Casa da Lareira - Conforto e \u00e1reas generosas | Encosta do Sobreiro\" \/>\n<meta property=\"og:description\" content=\"A Casa da Lareira \u00e9 uma op\u00e7\u00e3o de alojamento at\u00e9 6 pessoas; as suas \u00e1reas generosas e a lareira tornam-na num deleite para quem a visita.\" \/>\n<meta property=\"og:url\" content=\"https:\/\/encostadosobreiro.com\/en\/casa-da-lareira\/\" \/>\n<meta property=\"og:site_name\" content=\"Encosta do Sobreiro\" \/>\n<meta property=\"article:modified_time\" content=\"2025-01-28T15:08:31+00:00\" \/>\n<meta name=\"twitter:card\" content=\"summary_large_image\" \/>\n<meta name=\"twitter:label1\" content=\"Est. reading time\" \/>\n\t<meta name=\"twitter:data1\" content=\"3 minutes\" \/>\n<script type=\"application\/ld+json\" class=\"yoast-schema-graph\">{\"@context\":\"https:\/\/schema.org\",\"@graph\":[{\"@type\":\"WebPage\",\"@id\":\"https:\/\/encostadosobreiro.com\/en\/casa-da-lareira\/\",\"url\":\"https:\/\/encostadosobreiro.com\/en\/casa-da-lareira\/\",\"name\":\"Casa da Lareira - Conforto e \u00e1reas generosas | Encosta do Sobreiro\",\"isPartOf\":{\"@id\":\"https:\/\/encostadosobreiro.com\/en\/#website\"},\"datePublished\":\"2019-10-08T15:39:31+00:00\",\"dateModified\":\"2025-01-28T15:08:31+00:00\",\"description\":\"A Casa da Lareira \u00e9 uma op\u00e7\u00e3o de alojamento at\u00e9 6 pessoas; as suas \u00e1reas generosas e a lareira tornam-na num deleite para quem a visita.\",\"breadcrumb\":{\"@id\":\"https:\/\/encostadosobreiro.com\/en\/casa-da-lareira\/#breadcrumb\"},\"inLanguage\":\"en-US\",\"potentialAction\":[{\"@type\":\"ReadAction\",\"target\":[\"https:\/\/encostadosobreiro.com\/en\/casa-da-lareira\/\"]}]},{\"@type\":\"BreadcrumbList\",\"@id\":\"https:\/\/encostadosobreiro.com\/en\/casa-da-lareira\/#breadcrumb\",\"itemListElement\":[{\"@type\":\"ListItem\",\"position\":1,\"name\":\"Home\",\"item\":\"https:\/\/encostadosobreiro.com\/en\/\"},{\"@type\":\"ListItem\",\"position\":2,\"name\":\"Casa da Lareira\"}]},{\"@type\":\"WebSite\",\"@id\":\"https:\/\/encostadosobreiro.com\/en\/#website\",\"url\":\"https:\/\/encostadosobreiro.com\/en\/\",\"name\":\"Encosta do Sobreiro\",\"description\":\"Turismo Rural\",\"potentialAction\":[{\"@type\":\"SearchAction\",\"target\":{\"@type\":\"EntryPoint\",\"urlTemplate\":\"https:\/\/encostadosobreiro.com\/en\/?s={search_term_string}\"},\"query-input\":\"required name=search_term_string\"}],\"inLanguage\":\"en-US\"}]}<\/script>\n<!-- \/ Yoast SEO plugin. -->","yoast_head_json":{"title":"Casa da Lareira - Conforto e \u00e1reas generosas | Encosta do Sobreiro","description":"A Casa da Lareira \u00e9 uma op\u00e7\u00e3o de alojamento at\u00e9 6 pessoas; as suas \u00e1reas generosas e a lareira tornam-na num deleite para quem a visita.","robots":{"index":"index","follow":"follow","max-snippet":"max-snippet:-1","max-image-preview":"max-image-preview:large","max-video-preview":"max-video-preview:-1"},"canonical":"https:\/\/encostadosobreiro.com\/en\/casa-da-lareira\/","og_locale":"en_US","og_type":"article","og_title":"Casa da Lareira - Conforto e \u00e1reas generosas | Encosta do Sobreiro","og_description":"A Casa da Lareira \u00e9 uma op\u00e7\u00e3o de alojamento at\u00e9 6 pessoas; as suas \u00e1reas generosas e a lareira tornam-na num deleite para quem a visita.","og_url":"https:\/\/encostadosobreiro.com\/en\/casa-da-lareira\/","og_site_name":"Encosta do Sobreiro","article_modified_time":"2025-01-28T15:08:31+00:00","twitter_card":"summary_large_image","twitter_misc":{"Est. reading time":"3 minutes"},"schema":{"@context":"https:\/\/schema.org","@graph":[{"@type":"WebPage","@id":"https:\/\/encostadosobreiro.com\/en\/casa-da-lareira\/","url":"https:\/\/encostadosobreiro.com\/en\/casa-da-lareira\/","name":"Casa da Lareira - Conforto e \u00e1reas generosas | Encosta do Sobreiro","isPartOf":{"@id":"https:\/\/encostadosobreiro.com\/en\/#website"},"datePublished":"2019-10-08T15:39:31+00:00","dateModified":"2025-01-28T15:08:31+00:00","description":"A Casa da Lareira \u00e9 uma op\u00e7\u00e3o de alojamento at\u00e9 6 pessoas; as suas \u00e1reas generosas e a lareira tornam-na num deleite para quem a visita.","breadcrumb":{"@id":"https:\/\/encostadosobreiro.com\/en\/casa-da-lareira\/#breadcrumb"},"inLanguage":"en-US","potentialAction":[{"@type":"ReadAction","target":["https:\/\/encostadosobreiro.com\/en\/casa-da-lareira\/"]}]},{"@type":"BreadcrumbList","@id":"https:\/\/encostadosobreiro.com\/en\/casa-da-lareira\/#breadcrumb","itemListElement":[{"@type":"ListItem","position":1,"name":"Home","item":"https:\/\/encostadosobreiro.com\/en\/"},{"@type":"ListItem","position":2,"name":"Casa da Lareira"}]},{"@type":"WebSite","@id":"https:\/\/encostadosobreiro.com\/en\/#website","url":"https:\/\/encostadosobreiro.com\/en\/","name":"Encosta do Sobreiro","description":"Turismo Rural","potentialAction":[{"@type":"SearchAction","target":{"@type":"EntryPoint","urlTemplate":"https:\/\/encostadosobreiro.com\/en\/?s={search_term_string}"},"query-input":"required name=search_term_string"}],"inLanguage":"en-US"}]}},"_links":{"self":[{"href":"https:\/\/encostadosobreiro.com\/en\/wp-json\/wp\/v2\/pages\/8024","targetHints":{"allow":["GET"]}}],"collection":[{"href":"https:\/\/encostadosobreiro.com\/en\/wp-json\/wp\/v2\/pages"}],"about":[{"href":"https:\/\/encostadosobreiro.com\/en\/wp-json\/wp\/v2\/types\/page"}],"author":[{"embeddable":true,"href":"https:\/\/encostadosobreiro.com\/en\/wp-json\/wp\/v2\/users\/1"}],"replies":[{"embeddable":true,"href":"https:\/\/encostadosobreiro.com\/en\/wp-json\/wp\/v2\/comments?post=8024"}],"version-history":[{"count":7,"href":"https:\/\/encostadosobreiro.com\/en\/wp-json\/wp\/v2\/pages\/8024\/revisions"}],"predecessor-version":[{"id":8672,"href":"https:\/\/encostadosobreiro.com\/en\/wp-json\/wp\/v2\/pages\/8024\/revisions\/8672"}],"wp:attachment":[{"href":"https:\/\/encostadosobreiro.com\/en\/wp-json\/wp\/v2\/media?parent=8024"}],"curies":[{"name":"wp","href":"https:\/\/api.w.org\/{rel}","templated":true}]}}